{"id":3704,"date":"2024-06-10T14:39:09","date_gmt":"2024-06-10T12:39:09","guid":{"rendered":"http:\/\/www.herbadent.com\/clanek\/afty\/"},"modified":"2025-03-19T09:51:44","modified_gmt":"2025-03-19T08:51:44","slug":"aphtes","status":"publish","type":"clanek","link":"https:\/\/www.herbadent.com\/fr\/clanek\/aphtes\/","title":{"rendered":"Aphtes"},"content":{"rendered":"<h2>Aphtes<\/h2>\n<p><strong>Une enqu\u00eate r\u00e9cente men\u00e9e par une agence de recherche ind\u00e9pendante a&nbsp;r\u00e9v\u00e9l\u00e9 que plus de 60&nbsp;% des personnes en R\u00e9publique tch\u00e8que souffrent d&rsquo;aphtes au moins une fois par an. Pr\u00e8s de la moiti\u00e9 d\u2019entre elles en souffrent encore plus fr\u00e9quemment.<\/strong><\/p>\n<h2>Comment g\u00e9rer cette situation d\u00e9sagr\u00e9able reste une question r\u00e9currente. Examinons ce probl\u00e8me de plus pr\u00e8s.<\/h2>\n<h3>\u00c9tiologie (Causes des aphtes)<\/h3>\n<p>La cause exacte des aphtes n&rsquo;a&nbsp;pas encore \u00e9t\u00e9 compl\u00e8tement \u00e9lucid\u00e9e, mais elle pourrait \u00eatre li\u00e9e \u00e0 une carence en fer ou en vitamines, \u00e0 des processus immunitaires et auto-immuns, ou encore \u00e0 la consommation de certains aliments. D&rsquo;autres causes possibles incluent l&rsquo;utilisation de produits inappropri\u00e9s pour l&rsquo;hygi\u00e8ne bucco-dentaire (comme les agents moussants dans les dentifrices, les brosses \u00e0 dents inadapt\u00e9es ou endommag\u00e9es), le stress, les blessures m\u00e9caniques et des facteurs g\u00e9n\u00e9tiques.<\/p>\n<p>Les aphtes ne sont pas une maladie infectieuse et ne se transmettent donc pas d&rsquo;une personne \u00e0 l&rsquo;autre.<\/p>\n<h3>Apparition<\/h3>\n<p>Les aphtes apparaissent le plus souvent dans la partie ant\u00e9rieure de la cavit\u00e9 buccale et sur la langue, mais ils peuvent \u00e9galement se manifester sur le palais.<\/p>\n<p>L&rsquo;aphte (cloques) est le stade initial de l&rsquo;affection. Il \u00e9clate ensuite et se transforme en ulc\u00e8re, dont le fond se trouve l\u00e9g\u00e8rement en dessous du niveau de la muqueuse. Cette phase est accompagn\u00e9e d\u2019une douleur intense et d\u2019une hypersensibilit\u00e9. Lorsque les aphtes sont multiples, ils peuvent \u00e9galement entra\u00eener une mauvaise haleine.<\/p>\n<p>Les aphtes peuvent varier en taille, ce qui influence leur dur\u00e9e de gu\u00e9rison \u2013 les petits disparaissent g\u00e9n\u00e9ralement en 1 \u00e0 2 semaines, tandis que les plus grands (jusqu&rsquo;\u00e0 10 mm) peuvent n\u00e9cessiter jusqu&rsquo;\u00e0 6 semaines pour gu\u00e9rir.<\/p>\n<h3>Traitement<\/h3>\n<p>Si la cause exacte des aphtes est inconnue, un traitement causal n\u2019est pas possible. Il est donc n\u00e9cessaire de traiter les sympt\u00f4mes les plus g\u00eanants pour le patient.<\/p>\n<p>Les objectifs principaux sont de soulager la douleur, de pr\u00e9venir ou r\u00e9duire une infection secondaire et d\u2019acc\u00e9l\u00e9rer la gu\u00e9rison sans complications.<\/p>\n<p>Les petits aphtes gu\u00e9rissent g\u00e9n\u00e9ralement d&rsquo;eux-m\u00eames, mais le patient peut acc\u00e9l\u00e9rer le processus avec des soins adapt\u00e9s. Dans les cas plus graves, une consultation avec un sp\u00e9cialiste est indispensable.<\/p>\n<h2>Pour l\u2019auto-traitement, nous recommandons ces trois \u00e9tapes essentielles :<\/h2>\n<h3>1. Traitement g\u00e9n\u00e9ral et de soutien, comprenant :<\/h3>\n<ul>\n<li>Un apport suffisant en vitamines (notamment du groupe B), en fer et une alimentation vari\u00e9e<\/li>\n<li>Le renforcement du syst\u00e8me immunitaire, un sommeil ad\u00e9quat et une exposition r\u00e9guli\u00e8re \u00e0 l\u2019air frais<\/li>\n<li>\u00c9viter d\u2019irriter inutilement la cavit\u00e9 buccale avec des aliments durs ou \u00e9pic\u00e9s, ou par des blessures m\u00e9caniques<\/li>\n<li>R\u00e9duction du stress<\/li>\n<\/ul>\n<h3>2. Une hygi\u00e8ne bucco-dentaire suffisante et appropri\u00e9e<\/h3>\n<ul>\n<li>Un brossage des dents doux mais minutieux avec une brosse \u00e0 dents souple et des produits non irritants<\/li>\n<li>L\u2019utilisation d\u2019une technique de brossage efficace et adapt\u00e9e<\/li>\n<li>Le choix d\u2019un dentifrice naturel sans agents moussants chimiques ni colorants<\/li>\n<li>Des bains de bouche avec des infusions de plantes (comme la camomille, l\u2019aigremoine, la sauge, le fenouil ou le clou de girofle) ou avec un bain de bouche doux \u00e0 base de plantes<\/li>\n<\/ul>\n<h3>3. Traitement local<\/h3>\n<ul>\n<li>Pour soulager la douleur, privil\u00e9gier des pr\u00e9parations \u00e0 base de plantes avec des effets anesth\u00e9siques et antiseptiques<\/li>\n<li>Suivre les recommandations des sp\u00e9cialistes ou choisir des produits naturels, qui gagnent en popularit\u00e9 gr\u00e2ce \u00e0 leur efficacit\u00e9<\/li>\n<li>Opter pour un produit qui n\u2019irrite pas les muqueuses et qui peut \u00eatre appliqu\u00e9 localement, par exemple avec un coton-tige<\/li>\n<li>Ne pas oublier de favoriser la r\u00e9g\u00e9n\u00e9ration pour que la gu\u00e9rison soit aussi rapide et confortable que possible<\/li>\n<\/ul>\n<h2>Et enfin \u2013 <strong>Pr\u00e9vention<\/strong><\/h2>\n<p>Il est difficile de d\u00e9terminer la meilleure forme de pr\u00e9vention des aphtes, mais certaines r\u00e8gles g\u00e9n\u00e9rales peuvent vous aider \u00e0 maintenir une bonne sant\u00e9 globale et \u00e0 r\u00e9duire leur apparition.<\/p>\n<p>Adoptez une alimentation saine, vari\u00e9e et de qualit\u00e9 pour assurer un apport suffisant en vitamines et en fer, renforcez votre syst\u00e8me immunitaire et veillez \u00e0 une hygi\u00e8ne bucco-dentaire appropri\u00e9e.<\/p>\n<p>Enfin, essayez de r\u00e9duire ou au moins de minimiser le stress.<\/p>\n","protected":false},"featured_media":2787,"template":"","class_list":["post-3704","clanek","type-clanek","status-publish","has-post-thumbnail","hentry"],"acf":[],"aioseo_notices":[],"_links":{"self":[{"href":"https:\/\/www.herbadent.com\/fr\/wp-json\/wp\/v2\/clanek\/3704","targetHints":{"allow":["GET"]}}],"collection":[{"href":"https:\/\/www.herbadent.com\/fr\/wp-json\/wp\/v2\/clanek"}],"about":[{"href":"https:\/\/www.herbadent.com\/fr\/wp-json\/wp\/v2\/types\/clanek"}],"wp:featuredmedia":[{"embeddable":true,"href":"https:\/\/www.herbadent.com\/fr\/wp-json\/wp\/v2\/media\/2787"}],"wp:attachment":[{"href":"https:\/\/www.herbadent.com\/fr\/wp-json\/wp\/v2\/media?parent=3704"}],"curies":[{"name":"wp","href":"https:\/\/api.w.org\/{rel}","templated":true}]}}